{"id":165,"date":"2023-11-30T10:24:04","date_gmt":"2023-11-30T09:24:04","guid":{"rendered":"http:\/\/localhost:8888\/vos\/?page_id=165"},"modified":"2025-08-21T13:41:52","modified_gmt":"2025-08-21T11:41:52","slug":"kontakt","status":"publish","type":"page","link":"https:\/\/vajnorskyspolok.sk\/vos\/kontakt\/","title":{"rendered":"Kontakt"},"content":{"rendered":"\n<div class=\"wp-block-cover alignfull is-light\" style=\"padding-top:var(--wp--preset--spacing--30);padding-right:var(--wp--preset--spacing--30);padding-bottom:var(--wp--preset--spacing--30);padding-left:var(--wp--preset--spacing--30);min-height:50px;aspect-ratio:unset;\"><img loading=\"lazy\" decoding=\"async\" width=\"755\" height=\"566\" class=\"wp-block-cover__image-background wp-image-220\" alt=\"\" src=\"https:\/\/vajnorskyspolok.sk\/vos\/wp-content\/uploads\/2023\/12\/IMG_5369.jpg\" style=\"object-position:50% 45%\" data-object-fit=\"cover\" data-object-position=\"50% 45%\" srcset=\"https:\/\/vajnorskyspolok.sk\/vos\/wp-content\/uploads\/2023\/12\/IMG_5369.jpg 755w, https:\/\/vajnorskyspolok.sk\/vos\/wp-content\/uploads\/2023\/12\/IMG_5369-300x225.jpg 300w\" sizes=\"auto, (max-width: 755px) 100vw, 755px\" \/><span aria-hidden=\"true\" class=\"wp-block-cover__background has-black-background-color has-background-dim\"><\/span><div class=\"wp-block-cover__inner-container is-layout-flow wp-block-cover-is-layout-flow\">\n<div style=\"height:123px\" aria-hidden=\"true\" class=\"wp-block-spacer\"><\/div>\n\n\n\n<div class=\"wp-block-group has-global-padding is-layout-constrained wp-block-group-is-layout-constrained\">\n<h1 class=\"wp-block-heading has-text-align-center has-base-2-color has-text-color has-link-color wp-elements-dd9b6020a5d14a8a85105b032a8a56d1\"><strong>Kontakt<\/strong><\/h1>\n\n\n\n<p class=\"has-text-align-center has-base-2-color has-text-color has-link-color wp-elements-8fabdbe19420d7a2435c2d142152cc00\"><strong>N\u00e1cviky: <\/strong>ka\u017ed\u00fd pondelok ve\u010der o 19,00,hod v Dome kult\u00fary Vajnory<\/p>\n<\/div>\n\n\n\n<div style=\"height:120px\" aria-hidden=\"true\" class=\"wp-block-spacer\"><\/div>\n<\/div><\/div>\n\n\n\n<div class=\"wp-block-group alignwide has-global-padding is-layout-constrained wp-container-core-group-is-layout-d89aad35 wp-block-group-is-layout-constrained\" style=\"margin-top:0;margin-bottom:0;padding-top:var(--wp--preset--spacing--50);padding-right:var(--wp--preset--spacing--50);padding-bottom:var(--wp--preset--spacing--50);padding-left:var(--wp--preset--spacing--50)\">\n<div class=\"wp-block-columns alignwide are-vertically-aligned-center is-layout-flex wp-container-core-columns-is-layout-47c06fe3 wp-block-columns-is-layout-flex\">\n<div class=\"wp-block-column is-vertically-aligned-center is-layout-flow wp-block-column-is-layout-flow\" style=\"flex-basis:50%\">\n<h4 class=\"wp-block-heading\"><strong>Vajnorsk\u00fd okr\u00e1\u0161\u013eovac\u00ed spolok<\/strong><\/h4>\n\n\n\n<p>Pod lipami 2<br>Bratislava-Vajnory<br>831 07<\/p>\n\n\n\n<p><strong>Mail: <\/strong><a href=\"mailto:info@vajnorskyspolok.sk\"><mark style=\"background-color:rgba(0, 0, 0, 0);color:#d82550\" class=\"has-inline-color\">info@vajnorskyspolok.sk<\/mark><\/a><\/p>\n\n\n\n<div class=\"wp-block-group has-global-padding is-layout-constrained wp-block-group-is-layout-constrained\">\n<p><strong>Spr\u00e1vna rada:<\/strong><br>Ivan \u0160tel\u00e1r, predseda; 0907735084<br>PhDr. Zuzana Mi\u0161\u00e1kov\u00e1<br>Ru\u017eena Mih\u00e1likov\u00e1<br>RNDr. Anna Zemanov\u00e1; 0905386130<\/p>\n\n\n\n<p>Martin Fekete<\/p>\n\n\n\n<p><\/p>\n<\/div>\n\n\n\n<p><strong>I\u010cO: <\/strong>31801081<br><strong>DI\u010c: <\/strong>2021517927<\/p>\n\n\n\n<p><strong>Banka: <\/strong>Tatrabanka<br>\u010c\u00edslo \u00fa\u010dtu: SK82 1100 0000 0026 2704 4014<\/p>\n\n\n\n<p><strong>N\u00e1cviky spolku:<\/strong> ka\u017ed\u00fd pondelok a \u0161tvrtok v \u010dase 19,30 hod. &#8211; 21,30 hod. v Dome kult\u00fary Vajnory<\/p>\n\n\n\n<p><\/p>\n\n\n\n<p><strong>Kurz pali\u010dkovania:<\/strong> ka\u017ed\u00fd utorok v \u010dase od 14,00 hod. \u2013 do 16,00 hod. v Dome kult\u00fary Vajnory \u2013 Klub seniorov<\/p>\n<\/div>\n\n\n\n<div class=\"wp-block-column is-vertically-aligned-center is-layout-flow wp-block-column-is-layout-flow\" style=\"flex-basis:50%\">\n<iframe src=\"https:\/\/www.google.com\/maps\/embed?pb=!1m18!1m12!1m3!1d1329.527914125315!2d17.206120138977706!3d48.205540580399834!2m3!1f0!2f0!3f0!3m2!1i1024!2i768!4f13.1!3m3!1m2!1s0x476c8fb850f1c50f%3A0xe35f884ed984d190!2zVmFqbm9yc2vDvSBva3LDocWhxL5vdmFjw60gc3BvbG9r!5e0!3m2!1sen!2sph!4v1701337884855!5m2!1sen!2sph\" width=\"100%\" height=\"450\" style=\"border:0;\" allowfullscreen=\"\" loading=\"lazy\" referrerpolicy=\"no-referrer-when-downgrade\"><\/iframe>\n<\/div>\n<\/div>\n<\/div>\n\n\n\n<p><\/p>\n","protected":false},"excerpt":{"rendered":"<p>Vajnorsk\u00fd okr\u00e1\u0161\u013eovac\u00ed spolok Pod lipami 2Bratislava-Vajnory831 07 Mail: info@vajnorskyspolok.sk Spr\u00e1vna rada:Ivan \u0160tel\u00e1r, predseda; 0907735084PhDr. Zuzana Mi\u0161\u00e1kov\u00e1Ru\u017eena Mih\u00e1likov\u00e1RNDr. Anna Zemanov\u00e1; 0905386130 Martin Fekete I\u010cO: 31801081DI\u010c: 2021517927 Banka: Tatrabanka\u010c\u00edslo \u00fa\u010dtu: SK82 1100 0000 0026 2704 4014 N\u00e1cviky spolku: ka\u017ed\u00fd pondelok a \u0161tvrtok v \u010dase 19,30 hod. &#8211; 21,30 hod. v Dome kult\u00fary Vajnory Kurz pali\u010dkovania: ka\u017ed\u00fd utorok [&hellip;]<\/p>\n","protected":false},"author":1,"featured_media":0,"parent":0,"menu_order":0,"comment_status":"closed","ping_status":"closed","template":"page-no-title","meta":{"ngg_post_thumbnail":0,"_themeisle_gutenberg_block_has_review":false,"_ti_tpc_template_sync":false,"_ti_tpc_template_id":"","footnotes":""},"class_list":["post-165","page","type-page","status-publish","hentry"],"_links":{"self":[{"href":"https:\/\/vajnorskyspolok.sk\/vos\/wp-json\/wp\/v2\/pages\/165","targetHints":{"allow":["GET"]}}],"collection":[{"href":"https:\/\/vajnorskyspolok.sk\/vos\/wp-json\/wp\/v2\/pages"}],"about":[{"href":"https:\/\/vajnorskyspolok.sk\/vos\/wp-json\/wp\/v2\/types\/page"}],"author":[{"embeddable":true,"href":"https:\/\/vajnorskyspolok.sk\/vos\/wp-json\/wp\/v2\/users\/1"}],"replies":[{"embeddable":true,"href":"https:\/\/vajnorskyspolok.sk\/vos\/wp-json\/wp\/v2\/comments?post=165"}],"version-history":[{"count":14,"href":"https:\/\/vajnorskyspolok.sk\/vos\/wp-json\/wp\/v2\/pages\/165\/revisions"}],"predecessor-version":[{"id":336,"href":"https:\/\/vajnorskyspolok.sk\/vos\/wp-json\/wp\/v2\/pages\/165\/revisions\/336"}],"wp:attachment":[{"href":"https:\/\/vajnorskyspolok.sk\/vos\/wp-json\/wp\/v2\/media?parent=165"}],"curies":[{"name":"wp","href":"https:\/\/api.w.org\/{rel}","templated":true}]}}